{"id":253,"date":"2018-08-13T09:55:24","date_gmt":"2018-08-13T08:55:24","guid":{"rendered":"https:\/\/lavilladordogne.wordpress.com\/?page_id=253"},"modified":"2018-08-13T09:55:24","modified_gmt":"2018-08-13T08:55:24","slug":"la-villa-indoor-2","status":"publish","type":"page","link":"https:\/\/la-villa-pourpre.com\/index.php\/la-villa-indoor-2\/","title":{"rendered":"La villa -indoor-"},"content":{"rendered":"<h2>L\u2019open space<\/h2>\n<p>&nbsp;<\/p>\n<p>Tout \u00e0 la fois <b>salons<\/b>, de r\u00e9ception-lounge et de TV-PS4, <b>salle \u00e0 manger<\/b>, salle de jeux, de sport, et <b>cuisine am\u00e9ricaine<\/b>, l\u2019open Space a \u00e9t\u00e9 pens\u00e9 pour permettre \u00e0 chacun, sur <i>110m2<\/i>, de disposer de son propre <i>espace personnel<\/i> ou de vaquer, si bon lui semble, \u00e0 ses propres occupations &nbsp;tout en restant ensemble et \u00e0 tout moment &nbsp;\u00ab <b>visuellement connect\u00e9s <\/b>\u00bb.<\/p>\n<p>Directement ouvert sur la piscine et la terrasse, l\u2019open space devient alors autant <i>dehors<\/i> que <i>dedans<\/i>, d\u00e9multipliant ainsi <i>l\u2019espace<\/i> et&nbsp;se prolongeant jusqu\u2019\u00e0 d\u00e9bordement&#8230;<\/p>\n<p>&nbsp;<\/p>\n<div id='gallery-1' class='gallery galleryid-253 gallery-columns-3 gallery-size-thumbnail'><figure class='gallery-item'>\n\t\t\t<div class='gallery-icon landscape'>\n\t\t\t\t<a href='https:\/\/la-villa-pourpre.com\/556d4671-a4ad-41d5-8489-a7e013426426\/'><img decoding=\"async\" width=\"150\" height=\"150\" src=\"https:\/\/la-villa-pourpre.com\/wp-content\/uploads\/2018\/08\/556d4671-a4ad-41d5-8489-a7e013426426-150x150.jpeg\" class=\"attachment-thumbnail size-thumbnail\" alt=\"\" \/><\/a>\n\t\t\t<\/div><\/figure><figure class='gallery-item'>\n\t\t\t<div class='gallery-icon landscape'>\n\t\t\t\t<a href='https:\/\/la-villa-pourpre.com\/6e6fe123-37cd-4800-b11e-fdeb8f348e16\/'><img decoding=\"async\" width=\"150\" height=\"150\" src=\"https:\/\/la-villa-pourpre.com\/wp-content\/uploads\/2018\/08\/6e6fe123-37cd-4800-b11e-fdeb8f348e16-150x150.jpeg\" class=\"attachment-thumbnail size-thumbnail\" alt=\"\" \/><\/a>\n\t\t\t<\/div><\/figure><figure class='gallery-item'>\n\t\t\t<div class='gallery-icon landscape'>\n\t\t\t\t<a href='https:\/\/la-villa-pourpre.com\/9aaf1120-63b3-4d49-9e1f-33043f1ab4b3\/'><img decoding=\"async\" width=\"150\" height=\"150\" src=\"https:\/\/la-villa-pourpre.com\/wp-content\/uploads\/2018\/08\/9aaf1120-63b3-4d49-9e1f-33043f1ab4b3-150x150.jpeg\" class=\"attachment-thumbnail size-thumbnail\" alt=\"\" \/><\/a>\n\t\t\t<\/div><\/figure><figure class='gallery-item'>\n\t\t\t<div class='gallery-icon landscape'>\n\t\t\t\t<a href='https:\/\/la-villa-pourpre.com\/6aa92890-2e5e-4c1c-aa6d-f86a7ce8a5c6\/'><img loading=\"lazy\" decoding=\"async\" width=\"150\" height=\"150\" src=\"https:\/\/la-villa-pourpre.com\/wp-content\/uploads\/2018\/08\/6aa92890-2e5e-4c1c-aa6d-f86a7ce8a5c6-150x150.jpeg\" class=\"attachment-thumbnail size-thumbnail\" alt=\"\" \/><\/a>\n\t\t\t<\/div><\/figure><figure class='gallery-item'>\n\t\t\t<div class='gallery-icon landscape'>\n\t\t\t\t<a href='https:\/\/la-villa-pourpre.com\/c91c0699-7892-47f5-9a3c-32ea165e0976\/'><img loading=\"lazy\" decoding=\"async\" width=\"150\" height=\"150\" src=\"https:\/\/la-villa-pourpre.com\/wp-content\/uploads\/2018\/08\/c91c0699-7892-47f5-9a3c-32ea165e0976-150x150.jpeg\" class=\"attachment-thumbnail size-thumbnail\" alt=\"\" \/><\/a>\n\t\t\t<\/div><\/figure><figure class='gallery-item'>\n\t\t\t<div class='gallery-icon landscape'>\n\t\t\t\t<a href='https:\/\/la-villa-pourpre.com\/7780ea6d-1ba1-4269-a858-9a2d5d0a216d\/'><img loading=\"lazy\" decoding=\"async\" width=\"150\" height=\"150\" src=\"https:\/\/la-villa-pourpre.com\/wp-content\/uploads\/2018\/08\/7780ea6d-1ba1-4269-a858-9a2d5d0a216d-150x150.jpeg\" class=\"attachment-thumbnail size-thumbnail\" alt=\"\" \/><\/a>\n\t\t\t<\/div><\/figure><figure class='gallery-item'>\n\t\t\t<div class='gallery-icon landscape'>\n\t\t\t\t<a href='https:\/\/la-villa-pourpre.com\/9f82357a-196a-49ca-b381-223a81c7e2b4\/'><img loading=\"lazy\" decoding=\"async\" width=\"150\" height=\"150\" src=\"https:\/\/la-villa-pourpre.com\/wp-content\/uploads\/2018\/08\/9f82357a-196a-49ca-b381-223a81c7e2b4-150x150.jpeg\" class=\"attachment-thumbnail size-thumbnail\" alt=\"\" \/><\/a>\n\t\t\t<\/div><\/figure><figure class='gallery-item'>\n\t\t\t<div class='gallery-icon landscape'>\n\t\t\t\t<a href='https:\/\/la-villa-pourpre.com\/2ed05544-ab9b-41da-82d7-ffaf136088e9\/'><img loading=\"lazy\" decoding=\"async\" width=\"150\" height=\"150\" src=\"https:\/\/la-villa-pourpre.com\/wp-content\/uploads\/2018\/08\/2ed05544-ab9b-41da-82d7-ffaf136088e9-150x150.jpeg\" class=\"attachment-thumbnail size-thumbnail\" alt=\"\" \/><\/a>\n\t\t\t<\/div><\/figure><figure class='gallery-item'>\n\t\t\t<div class='gallery-icon landscape'>\n\t\t\t\t<a href='https:\/\/la-villa-pourpre.com\/d3bf011d-38db-4411-9a22-00af26495df6\/'><img loading=\"lazy\" decoding=\"async\" width=\"150\" height=\"150\" src=\"https:\/\/la-villa-pourpre.com\/wp-content\/uploads\/2018\/08\/d3bf011d-38db-4411-9a22-00af26495df6-150x150.jpeg\" class=\"attachment-thumbnail size-thumbnail\" alt=\"\" \/><\/a>\n\t\t\t<\/div><\/figure><figure class='gallery-item'>\n\t\t\t<div class='gallery-icon landscape'>\n\t\t\t\t<a href='https:\/\/la-villa-pourpre.com\/261e7d15-01aa-470c-b09f-28e9db7fe67c\/'><img loading=\"lazy\" decoding=\"async\" width=\"150\" height=\"150\" src=\"https:\/\/la-villa-pourpre.com\/wp-content\/uploads\/2018\/08\/261e7d15-01aa-470c-b09f-28e9db7fe67c-150x150.jpeg\" class=\"attachment-thumbnail size-thumbnail\" alt=\"\" \/><\/a>\n\t\t\t<\/div><\/figure>\n\t\t<\/div>\n\n<h2><\/h2>\n<h2>Les chambres &amp; salles de bain<\/h2>\n<p>&nbsp;<\/p>\n<ul>\n<li>Au Rez-de-chauss\u00e9e, une chambre de 15m2 que nous adorons, <i>\u00e9pur\u00e9e<\/i>,&nbsp;<i>fra\u00eeche<\/i> et <i>raffin\u00e9e<\/i>. Elle poss\u00e8de sa propre salle de bain en suite avec double vasque suspendue et grande douche \u00e0 l\u2019italienne. Lit de 160cm.<\/li>\n<\/ul>\n<div id='gallery-2' class='gallery galleryid-253 gallery-columns-3 gallery-size-thumbnail'><figure class='gallery-item'>\n\t\t\t<div class='gallery-icon portrait'>\n\t\t\t\t<a href='https:\/\/la-villa-pourpre.com\/df82978b-049d-4903-9083-8da23a9285a8\/'><img loading=\"lazy\" decoding=\"async\" width=\"150\" height=\"150\" src=\"https:\/\/la-villa-pourpre.com\/wp-content\/uploads\/2018\/08\/df82978b-049d-4903-9083-8da23a9285a8-150x150.jpeg\" class=\"attachment-thumbnail size-thumbnail\" alt=\"\" \/><\/a>\n\t\t\t<\/div><\/figure><figure class='gallery-item'>\n\t\t\t<div class='gallery-icon landscape'>\n\t\t\t\t<a href='https:\/\/la-villa-pourpre.com\/550dcd5c-cf9f-4551-890c-f98c643bc62d\/'><img loading=\"lazy\" decoding=\"async\" width=\"150\" height=\"150\" src=\"https:\/\/la-villa-pourpre.com\/wp-content\/uploads\/2018\/08\/550dcd5c-cf9f-4551-890c-f98c643bc62d-150x150.jpeg\" class=\"attachment-thumbnail size-thumbnail\" alt=\"\" \/><\/a>\n\t\t\t<\/div><\/figure>\n\t\t<\/div>\n\n<blockquote><p>\u00c0 l\u2019etage, pour votre confort, l\u2019<b>air conditionn\u00e9<\/b> gainable, tr\u00e8s soft et extr\u00eamement silencieux, est pr\u00e9sent dans chacune des chambres.<\/p>\n<\/blockquote>\n<ul>\n<li>La plus grande d\u2019entre elles, 17m2, mix\u00e9e d\u2019esprit <i>design nordique<\/i> et d\u2019ambiance <i>fauteuil club<\/i>, dispose d\u2019un<i> lit King size<\/i> 180cm, d\u2019une pi\u00e8ce &nbsp;<i>dressing<\/i> attenante et d\u2019une t\u00e9l\u00e9vision.<\/li>\n<\/ul>\n<div id='gallery-3' class='gallery galleryid-253 gallery-columns-3 gallery-size-thumbnail'><figure class='gallery-item'>\n\t\t\t<div class='gallery-icon landscape'>\n\t\t\t\t<a href='https:\/\/la-villa-pourpre.com\/1f66aa04-1fa2-47f9-8e76-dc8d1947eac1\/'><img loading=\"lazy\" decoding=\"async\" width=\"150\" height=\"150\" src=\"https:\/\/la-villa-pourpre.com\/wp-content\/uploads\/2018\/08\/1f66aa04-1fa2-47f9-8e76-dc8d1947eac1-150x150.jpeg\" class=\"attachment-thumbnail size-thumbnail\" alt=\"\" \/><\/a>\n\t\t\t<\/div><\/figure><figure class='gallery-item'>\n\t\t\t<div class='gallery-icon landscape'>\n\t\t\t\t<a href='https:\/\/la-villa-pourpre.com\/e66f2bf8-4dae-4f7e-afca-0242eb320f1c\/'><img loading=\"lazy\" decoding=\"async\" width=\"150\" height=\"150\" src=\"https:\/\/la-villa-pourpre.com\/wp-content\/uploads\/2018\/08\/e66f2bf8-4dae-4f7e-afca-0242eb320f1c-150x150.jpeg\" class=\"attachment-thumbnail size-thumbnail\" alt=\"\" \/><\/a>\n\t\t\t<\/div><\/figure>\n\t\t<\/div>\n\n<ul>\n<li>La seconde, 15m2, de douceur bleu-blanc-bois, int\u00e8gre un<i> lit 160cm<\/i>, de larges placards-penderie, un<i> lit<\/i> <em>gigogne<\/em> et un grand bureau zen.<\/li>\n<\/ul>\n<div id='gallery-4' class='gallery galleryid-253 gallery-columns-3 gallery-size-thumbnail'><figure class='gallery-item'>\n\t\t\t<div class='gallery-icon landscape'>\n\t\t\t\t<a href='https:\/\/la-villa-pourpre.com\/610cdfdd-733d-4b56-beac-36b3a9d84c45\/'><img loading=\"lazy\" decoding=\"async\" width=\"150\" height=\"150\" src=\"https:\/\/la-villa-pourpre.com\/wp-content\/uploads\/2018\/08\/610cdfdd-733d-4b56-beac-36b3a9d84c45-150x150.jpeg\" class=\"attachment-thumbnail size-thumbnail\" alt=\"\" \/><\/a>\n\t\t\t<\/div><\/figure><figure class='gallery-item'>\n\t\t\t<div class='gallery-icon landscape'>\n\t\t\t\t<a href='https:\/\/la-villa-pourpre.com\/7008af27-81f2-4433-bcd1-808089752c65\/'><img loading=\"lazy\" decoding=\"async\" width=\"150\" height=\"150\" src=\"https:\/\/la-villa-pourpre.com\/wp-content\/uploads\/2018\/08\/7008af27-81f2-4433-bcd1-808089752c65-150x150.jpeg\" class=\"attachment-thumbnail size-thumbnail\" alt=\"\" \/><\/a>\n\t\t\t<\/div><\/figure>\n\t\t<\/div>\n\n<p><img loading=\"lazy\" decoding=\"async\" src=\"https:\/\/lavilladordogne.files.wordpress.com\/2022\/02\/image-1.jpg\" class=\"size-full wp-image-632\" width=\"4032\" height=\"3024\"><\/p>\n<ul>\n<li>La 3\u00e8me, 15m2, est pourvue, dans un esprit tr\u00e8s&nbsp;<i>nature<\/i>\/<i>forestier<\/i>, d\u2019un<i> lit 160cm <\/i>de placards-penderie int\u00e9gr\u00e9s, et d\u2019un bureau design.<\/li>\n<\/ul>\n<p><img loading=\"lazy\" decoding=\"async\" src=\"https:\/\/lavilladordogne.files.wordpress.com\/2022\/02\/image.jpg\" class=\"size-full wp-image-631\" width=\"4032\" height=\"3024\"><\/p>\n<ul>\n<li>Des WC s\u00e9par\u00e9s et une belle salle de bain \u00ab familiale \u00bb et&nbsp;<i>vitamin\u00e9e<\/i> compl\u00e8tent l\u2019\u00e9tage. Vous y trouverez un long meuble \u00e0 deux vasques, une baignoire ainsi qu\u2019une <b>double<\/b> <i>douche \u00e0 l\u2019italienne<\/i>.<\/li>\n<\/ul>\n<p><img loading=\"lazy\" decoding=\"async\" src=\"https:\/\/lavilladordogne.files.wordpress.com\/2018\/08\/ef459c97-8519-4338-ac2a-1f696ab9e3b2.jpeg\" class=\"alignnone size-full wp-image-313\" alt=\"EF459C97-8519-4338-AC2A-1F696AB9E3B2\" width=\"2048\" height=\"1536\" srcset=\"https:\/\/la-villa-pourpre.com\/wp-content\/uploads\/2018\/08\/ef459c97-8519-4338-ac2a-1f696ab9e3b2.jpeg 2048w, https:\/\/la-villa-pourpre.com\/wp-content\/uploads\/2018\/08\/ef459c97-8519-4338-ac2a-1f696ab9e3b2-300x225.jpeg 300w, https:\/\/la-villa-pourpre.com\/wp-content\/uploads\/2018\/08\/ef459c97-8519-4338-ac2a-1f696ab9e3b2-1024x768.jpeg 1024w, https:\/\/la-villa-pourpre.com\/wp-content\/uploads\/2018\/08\/ef459c97-8519-4338-ac2a-1f696ab9e3b2-768x576.jpeg 768w, https:\/\/la-villa-pourpre.com\/wp-content\/uploads\/2018\/08\/ef459c97-8519-4338-ac2a-1f696ab9e3b2-1536x1152.jpeg 1536w\" sizes=\"(max-width: 2048px) 100vw, 2048px\" \/><\/p>\n<p>&nbsp;<\/p>\n<h3><\/h3>\n<p>&nbsp;<\/p>\n","protected":false},"excerpt":{"rendered":"<p>L\u2019open space &nbsp; Tout \u00e0 la fois salons, de r\u00e9ception-lounge et de TV-PS4, salle \u00e0 manger, salle de jeux, de sport, et cuisine am\u00e9ricaine, l\u2019open Space a \u00e9t\u00e9 pens\u00e9 pour permettre \u00e0 chacun, sur 110m2, de disposer de son propre espace personnel ou de vaquer, si bon lui semble, \u00e0 ses propres occupations &nbsp;tout en &hellip; <a href=\"https:\/\/la-villa-pourpre.com\/index.php\/la-villa-indoor-2\/\" class=\"more-link\">Lire la suite <span class=\"screen-reader-text\">La villa -indoor-<\/span><\/a><\/p>\n","protected":false},"author":2,"featured_media":0,"parent":0,"menu_order":0,"comment_status":"closed","ping_status":"closed","template":"","meta":{"_ti_tpc_template_sync":false,"_ti_tpc_template_id":"","footnotes":""},"jetpack_sharing_enabled":true,"_links":{"self":[{"href":"https:\/\/la-villa-pourpre.com\/index.php\/wp-json\/wp\/v2\/pages\/253"}],"collection":[{"href":"https:\/\/la-villa-pourpre.com\/index.php\/wp-json\/wp\/v2\/pages"}],"about":[{"href":"https:\/\/la-villa-pourpre.com\/index.php\/wp-json\/wp\/v2\/types\/page"}],"author":[{"embeddable":true,"href":"https:\/\/la-villa-pourpre.com\/index.php\/wp-json\/wp\/v2\/users\/2"}],"replies":[{"embeddable":true,"href":"https:\/\/la-villa-pourpre.com\/index.php\/wp-json\/wp\/v2\/comments?post=253"}],"version-history":[{"count":0,"href":"https:\/\/la-villa-pourpre.com\/index.php\/wp-json\/wp\/v2\/pages\/253\/revisions"}],"wp:attachment":[{"href":"https:\/\/la-villa-pourpre.com\/index.php\/wp-json\/wp\/v2\/media?parent=253"}],"curies":[{"name":"wp","href":"https:\/\/api.w.org\/{rel}","templated":true}]}}